{"id":827,"date":"2016-04-26T17:55:42","date_gmt":"2016-04-26T15:55:42","guid":{"rendered":"http:\/\/pieszkow.pl\/?page_id=827"},"modified":"2017-03-23T15:44:38","modified_gmt":"2017-03-23T14:44:38","slug":"historia-naszego-kosciola","status":"publish","type":"page","link":"http:\/\/pieszkow.pl\/?page_id=827","title":{"rendered":"Historia naszego ko\u015bcio\u0142a"},"content":{"rendered":"<p style=\"text-align: justify;\">\u00a0\u00a0\u00a0 Pierwsz\u0105 oficjaln\u0105 informacj\u0119 o znajduj\u0105cym si\u0119 w osadzie ko\u015bciele znajdujemy w wykazach dziesi\u0119cin nuncjusza Galharda pochodz\u0105cych z 1335 roku. Podobno fundatorem ko\u015bcio\u0142a w XIV w by\u0142 za\u0142o\u017cyciel Pieszkowa, patron i posiadacza d\u00f3br, kt\u00f3rego nazwisko brzmia\u0142o Petschko. W 1493 r. wymieniono plebana Stefana Wesmera. Podobnie jak w przypadku zdecydowanej wi\u0119kszo\u015bci \u015bl\u0105skich \u015bwi\u0105ty\u0144, zosta\u0142 przej\u0119ty przez protestant\u00f3w oko\u0142o 1524 roku. \u00a0w 1587 r. wymieniono pastora Romanusa Kittel. \u015awi\u0105tynia od ok. 1530 do 1945 r. nale\u017ca\u0142a do ewangelik\u00f3w.<\/p>\n<p style=\"text-align: justify;\">\u00a0\u00a0\u00a0\u00a0\u00a0 Ko\u015bci\u00f3\u0142 zosta\u0142 wraz z wie\u017c\u0105 spalony w czasie wojny trzydziestoletniej w 1634 r. Z protoko\u0142\u00f3w wizytacji z l. 1654-55 wynika, \u017ce ch\u00f3r i zakrysti\u0119 nakryto prowizorycznym dachem, aby umo\u017cliwi\u0107 odprawianie nabo\u017ce\u0144stw. Brakowa\u0142o jednak \u0142awek i chrzcielnicy,a tymczasow\u0105 ambon\u0119 zbito z desek. Zniszczone by\u0142y tak\u017ce plebania, szko\u0142a i dom zakrystiana. Ko\u015bci\u00f3\u0142 odnowiony po 1655 r. i wyposa\u017cony w 1696 r. w chrzcielnic\u0119,<\/p>\n<p style=\"text-align: justify;\">\u00a0\u00a0\u00a0\u00a0 Sp\u0142on\u0105\u0142 (wg K. Klose) ponownie 11 lipca 1725 r. od uderzenia pioruna. Odbudowany i zbarokizowany w 1726 r.przez cesarskiego rotmistrza Christiana Bauera von Bergfeld, zosta\u0142 po\u015bwi\u0119cony w 1727 r. Po tej gruntownej przebudowie uzyska\u0142 obecny barokowy wygl\u0105d.<\/p>\n<p style=\"text-align: justify;\">\u00a0\u00a0\u00a0\u00a0\u00a0 Natomiast wg kroniki wiejskiej Pieszkowa sporz\u0105dzonej przez Grete Kusche z domu Lehmann i Waltera Lehmann ko\u015bci\u00f3\u0142 sp\u0142on\u0105\u0142 od uderzenia pioruna w roku 1726 i zosta\u0142 ponownie odbudowany w przeci\u0105gu 2 lat (?)<\/p>\n<p style=\"text-align: justify;\">W dniu 28.10.1728 zosta\u0142 on ponownie po\u015bwi\u0119cony. Dwusetn\u0105 jego rocznic\u0119 stanowi\u0142 rok 1928.<\/p>\n<p style=\"text-align: justify;\">\u00a0\u00a0\u00a0\u00a0\u00a0 Ze starego za\u0142o\u017cenia pozosta\u0142a jedynie XV- wieczna wie\u017ca.<\/p>\n<p style=\"text-align: justify;\">\u00a0 P\u00f3\u017aniej by\u0142 restaurowany w XIX wieku. Do k. XIX w. patronat nad ko\u015bcio\u0142em sprawowali w\u0142a\u015bciciele Pieszkowa \u015arodkowego.<\/p>\n<p style=\"text-align: justify;\">\u00a0\u00a0\u00a0\u00a0 W 1938 r. w czasie prowadzonych w ko\u015bciele prac remontowych, odkryto drewniane rze\u017aby pochodz\u0105ce prawdopodobnie z o\u0142tarza g\u0142\u00f3wnego, z czasu przed 1530 r. Obecnie jest to zorientowana budowla barokowa, wzniesiona na za\u0142o\u017ceniach wcze\u015bniejszej, gotyckiej \u015bwi\u0105tyni. Jest to salowy, murowany z ceg\u0142y i polnego kamienia obiekt o rzucie prostok\u0105tnym, bez wydzielonego prezbiterium. \u015awi\u0105tynia nakryta jest sklepieniem kolebkowym z lunetami, dobudowana do masywnej,kwadratowej, kamiennej wie\u017cy, kt\u00f3ra znajduje si\u0119 od strony zachodniej. Dwuspadowe dachy ko\u015bcio\u0142a pokryte s\u0105 dach\u00f3wk\u0105 ceramiczn\u0105. Otwory okienne cz\u0119\u015bci nawowej oraz g\u0142\u00f3wne wej\u015bcie do \u015bwi\u0105tyni s\u0105 o wykroju pe\u0142nym. Od strony p\u00f3\u0142nocnej do nawy dobudowana jest prostok\u0105tna zakrystia nakryta ceramicznym dachem pulpitowym. Obiekt jest otynkowany. We wn\u0119trzu ko\u015bcio\u0142a zachowa\u0142y si\u0119 dwie gotyckie rze\u017aby z ok. 1500 roku, oraz barokowy o\u0142tarz g\u0142\u00f3wny z drugiej po\u0142owy XVIIIw, kt\u00f3ry dzi\u0119ki inicjatywie proboszcza ks. Wojciecha Skowrona zosta\u0142 w 2013 odrestaurowany<\/p>\n<p style=\"text-align: justify;\"><strong>Nasz ko\u015bci\u00f3\u0142 kiedy\u015b<\/strong><\/p>\n\n\t\t<style type=\"text\/css\">\n\t\t\t#gallery-1 {\n\t\t\t\tmargin: auto;\n\t\t\t}\n\t\t\t#gallery-1 .gallery-item {\n\t\t\t\tfloat: left;\n\t\t\t\tmargin-top: 10px;\n\t\t\t\ttext-align: center;\n\t\t\t\twidth: 33%;\n\t\t\t}\n\t\t\t#gallery-1 img {\n\t\t\t\tborder: 2px solid #cfcfcf;\n\t\t\t}\n\t\t\t#gallery-1 .gallery-caption {\n\t\t\t\tmargin-left: 0;\n\t\t\t}\n\t\t\t\/* see gallery_shortcode() in wp-includes\/media.php *\/\n\t\t<\/style>\n\t\t<div id='gallery-1' class='gallery galleryid-827 gallery-columns-3 gallery-size-thumbnail'><dl class='gallery-item'>\n\t\t\t<dt class='gallery-icon landscape'>\n\t\t\t\t<a href='http:\/\/pieszkow.pl\/wp-content\/uploads\/2016\/04\/petschkendorf2.jpg'><img loading=\"lazy\" decoding=\"async\" width=\"150\" height=\"150\" src=\"http:\/\/pieszkow.pl\/wp-content\/uploads\/2016\/04\/petschkendorf2-150x150.jpg\" class=\"attachment-thumbnail size-thumbnail\" alt=\"\" \/><\/a>\n\t\t\t<\/dt><\/dl><dl class='gallery-item'>\n\t\t\t<dt class='gallery-icon landscape'>\n\t\t\t\t<a href='http:\/\/pieszkow.pl\/wp-content\/uploads\/2016\/04\/skanuj0017.jpg'><img loading=\"lazy\" decoding=\"async\" width=\"150\" height=\"150\" src=\"http:\/\/pieszkow.pl\/wp-content\/uploads\/2016\/04\/skanuj0017-150x150.jpg\" class=\"attachment-thumbnail size-thumbnail\" alt=\"\" \/><\/a>\n\t\t\t<\/dt><\/dl><dl class='gallery-item'>\n\t\t\t<dt class='gallery-icon landscape'>\n\t\t\t\t<a href='http:\/\/pieszkow.pl\/wp-content\/uploads\/2016\/04\/skanuj0002.jpg'><img loading=\"lazy\" decoding=\"async\" width=\"150\" height=\"150\" src=\"http:\/\/pieszkow.pl\/wp-content\/uploads\/2016\/04\/skanuj0002-150x150.jpg\" class=\"attachment-thumbnail size-thumbnail\" alt=\"\" \/><\/a>\n\t\t\t<\/dt><\/dl><br style=\"clear: both\" \/>\n\t\t<\/div>\n\n<p>&nbsp;<\/p>\n<p><strong>Dobra kultury znajduj\u0105ce si\u0119 w naszym ko\u015bciele wpisane do rejestru zabytk\u00f3w<\/strong><\/p>\n<p>&nbsp;<\/p>\n<p style=\"text-align: center;\"><a href=\"http:\/\/pieszkow.pl\/wp-content\/uploads\/2016\/04\/o\u0142tarz_g\u0142\u00f3wny_1.jpg\"><img loading=\"lazy\" decoding=\"async\" width=\"250\" height=\"180\" class=\"size-medium wp-image-1470 alignleft\" src=\"http:\/\/pieszkow.pl\/wp-content\/uploads\/2016\/04\/o\u0142tarz_g\u0142\u00f3wny_1-250x180.jpg\" alt=\"o\u0142tarz_g\u0142\u00f3wny_1\" srcset=\"http:\/\/pieszkow.pl\/wp-content\/uploads\/2016\/04\/o\u0142tarz_g\u0142\u00f3wny_1-250x180.jpg 250w, http:\/\/pieszkow.pl\/wp-content\/uploads\/2016\/04\/o\u0142tarz_g\u0142\u00f3wny_1-768x552.jpg 768w, http:\/\/pieszkow.pl\/wp-content\/uploads\/2016\/04\/o\u0142tarz_g\u0142\u00f3wny_1-700x503.jpg 700w, http:\/\/pieszkow.pl\/wp-content\/uploads\/2016\/04\/o\u0142tarz_g\u0142\u00f3wny_1-120x86.jpg 120w\" sizes=\"auto, (max-width: 250px) 100vw, 250px\" \/><\/a><strong>O\u0142tarz g\u0142\u00f3wny<\/strong> \u2013 przed renowacj\u0105<\/p>\n<p style=\"text-align: center;\">Materia\u0142 \u2013 drewno polichromowane i z\u0142ocone<\/p>\n<p style=\"text-align: center;\">Styl \u2013 p\u00f3\u017any barok<\/p>\n<p style=\"text-align: center;\">Czas powstania \u2013 oko\u0142o 1784<\/p>\n<p>&nbsp;<\/p>\n<p>&nbsp;<\/p>\n<p style=\"text-align: center;\"><a href=\"http:\/\/pieszkow.pl\/wp-content\/uploads\/2016\/04\/dzwon_1_a.jpg\"><img loading=\"lazy\" decoding=\"async\" width=\"250\" height=\"180\" class=\"size-medium wp-image-1471 alignleft\" src=\"http:\/\/pieszkow.pl\/wp-content\/uploads\/2016\/04\/dzwon_1_a-250x180.jpg\" alt=\"dzwon_1_a\" srcset=\"http:\/\/pieszkow.pl\/wp-content\/uploads\/2016\/04\/dzwon_1_a-250x180.jpg 250w, http:\/\/pieszkow.pl\/wp-content\/uploads\/2016\/04\/dzwon_1_a-768x553.jpg 768w, http:\/\/pieszkow.pl\/wp-content\/uploads\/2016\/04\/dzwon_1_a-700x504.jpg 700w, http:\/\/pieszkow.pl\/wp-content\/uploads\/2016\/04\/dzwon_1_a-120x86.jpg 120w\" sizes=\"auto, (max-width: 250px) 100vw, 250px\" \/><\/a><strong>Dzwon<\/strong><\/p>\n<p style=\"text-align: center;\">Materia\u0142 \u2013 \u017celiwo<\/p>\n<p style=\"text-align: center;\">Styl \u2013 Art. deco<\/p>\n<p style=\"text-align: center;\">Czas powstania \u2013 1924<\/p>\n<p style=\"text-align: center;\"><strong>\u00a0<\/strong><\/p>\n<p>&nbsp;<\/p>\n<p style=\"text-align: center;\"><a style=\"text-align: center;\" href=\"http:\/\/pieszkow.pl\/wp-content\/uploads\/2016\/04\/DSC_0349.jpg\"><img loading=\"lazy\" decoding=\"async\" width=\"250\" height=\"376\" class=\"size-medium wp-image-1457 alignleft\" src=\"http:\/\/pieszkow.pl\/wp-content\/uploads\/2016\/04\/DSC_0349-250x376.jpg\" alt=\"DSC_0349\" srcset=\"http:\/\/pieszkow.pl\/wp-content\/uploads\/2016\/04\/DSC_0349-250x376.jpg 250w, http:\/\/pieszkow.pl\/wp-content\/uploads\/2016\/04\/DSC_0349-768x1157.jpg 768w, http:\/\/pieszkow.pl\/wp-content\/uploads\/2016\/04\/DSC_0349-700x1054.jpg 700w, http:\/\/pieszkow.pl\/wp-content\/uploads\/2016\/04\/DSC_0349-120x181.jpg 120w, http:\/\/pieszkow.pl\/wp-content\/uploads\/2016\/04\/DSC_0349.jpg 1024w\" sizes=\"auto, (max-width: 250px) 100vw, 250px\" \/><\/a><\/p>\n<p style=\"text-align: center;\"><strong>Epitafium Beniamina Gotlieba Gunthersa (1708-1724)<\/strong><\/p>\n<p style=\"text-align: center;\">Materia\u0142 \u2013 piaskowiec polichromowany<\/p>\n<p style=\"text-align: center;\">Styl \u2013 barok<\/p>\n<p style=\"text-align: center;\">Czas powstania \u2013 po 1724<\/p>\n<p>&nbsp;<\/p>\n<p>&nbsp;<\/p>\n<p>&nbsp;<\/p>\n<p>&nbsp;<\/p>\n<p>&nbsp;<\/p>\n<p>&nbsp;<\/p>\n<p>&nbsp;<\/p>\n<p>&nbsp;<\/p>\n<p style=\"text-align: center;\"><a style=\"text-align: center;\" href=\"http:\/\/pieszkow.pl\/wp-content\/uploads\/2016\/04\/DSC_0350.jpg\"><img loading=\"lazy\" decoding=\"async\" class=\"size-medium alignleft\" src=\"http:\/\/pieszkow.pl\/wp-content\/uploads\/2016\/04\/DSC_0350-250x166.jpg\" alt=\"DSC_0350\" width=\"250\" height=\"166\" \/><\/a><\/p>\n<p style=\"text-align: center;\"><strong>Epitafium \u2013 obraz<\/strong><\/p>\n<p style=\"text-align: center;\">Materia\u0142 \u2013 olej na blasze miedzianej<\/p>\n<p style=\"text-align: center;\">Styl \u2013 barok<\/p>\n<p style=\"text-align: center;\">Czas powstania \u2013 po 1724<\/p>\n<p style=\"text-align: center;\">\n<div class=\"wc-shortcodes-row wc-shortcodes-item wc-shortcodes-clearfix\">\n<div class=\"wc-shortcodes-column wc-shortcodes-content wc-shortcodes-one-half wc-shortcodes-column-first \">\n<p><a href=\"http:\/\/pieszkow.pl\/wp-content\/uploads\/2016\/04\/DSC_0358.jpg\"><img loading=\"lazy\" decoding=\"async\" width=\"250\" height=\"376\" class=\"alignnone size-medium wp-image-1460\" src=\"http:\/\/pieszkow.pl\/wp-content\/uploads\/2016\/04\/DSC_0358-250x376.jpg\" alt=\"DSC_0358\" srcset=\"http:\/\/pieszkow.pl\/wp-content\/uploads\/2016\/04\/DSC_0358-250x376.jpg 250w, http:\/\/pieszkow.pl\/wp-content\/uploads\/2016\/04\/DSC_0358-768x1157.jpg 768w, http:\/\/pieszkow.pl\/wp-content\/uploads\/2016\/04\/DSC_0358-700x1054.jpg 700w, http:\/\/pieszkow.pl\/wp-content\/uploads\/2016\/04\/DSC_0358-120x181.jpg 120w, http:\/\/pieszkow.pl\/wp-content\/uploads\/2016\/04\/DSC_0358.jpg 1024w\" sizes=\"auto, (max-width: 250px) 100vw, 250px\" \/><\/a><\/p>\n<\/div>\n<div class=\"wc-shortcodes-column wc-shortcodes-content wc-shortcodes-one-half wc-shortcodes-column-last \">\n<p><strong>Rze\u017aba \u015bw. Moj\u017cesza<\/strong>\u2013 cz\u0119\u015b\u0107 o\u0142tarza<\/p>\n<p>Materia\u0142 \u2013 drewno polichromowane i z\u0142ocone<\/p>\n<p>Styl \u2013 barok<\/p>\n<p>Czas powstania \u2013 1784<\/p>\n<p style=\"text-align: center;\"><\/div>\n<\/div>\n<p style=\"text-align: center;\">\n<div class=\"wc-shortcodes-row wc-shortcodes-item wc-shortcodes-clearfix\">\n<div class=\"wc-shortcodes-column wc-shortcodes-content wc-shortcodes-one-half wc-shortcodes-column-first \">\n<p><a href=\"http:\/\/pieszkow.pl\/wp-content\/uploads\/2016\/04\/DSC_0360.jpg\"><img loading=\"lazy\" decoding=\"async\" width=\"250\" height=\"376\" class=\"alignnone size-medium wp-image-1459\" src=\"http:\/\/pieszkow.pl\/wp-content\/uploads\/2016\/04\/DSC_0360-250x376.jpg\" alt=\"DSC_0360\" srcset=\"http:\/\/pieszkow.pl\/wp-content\/uploads\/2016\/04\/DSC_0360-250x376.jpg 250w, http:\/\/pieszkow.pl\/wp-content\/uploads\/2016\/04\/DSC_0360-768x1157.jpg 768w, http:\/\/pieszkow.pl\/wp-content\/uploads\/2016\/04\/DSC_0360-700x1054.jpg 700w, http:\/\/pieszkow.pl\/wp-content\/uploads\/2016\/04\/DSC_0360-120x181.jpg 120w, http:\/\/pieszkow.pl\/wp-content\/uploads\/2016\/04\/DSC_0360.jpg 1024w\" sizes=\"auto, (max-width: 250px) 100vw, 250px\" \/><\/a><\/p>\n<\/div>\n<div class=\"wc-shortcodes-column wc-shortcodes-content wc-shortcodes-one-half wc-shortcodes-column-last \">\n<p><strong>Rze\u017aba \u015bw. Dawida<\/strong>\u2013 cz\u0119\u015b\u0107 o\u0142tarza<\/p>\n<p>Materia\u0142 \u2013 drewno polichromowane i z\u0142ocone<\/p>\n<p>Styl \u2013 barok<\/p>\n<p>Czas powstania \u2013 1784<\/p>\n<p style=\"text-align: center;\"><\/div>\n<\/div>\n<p style=\"text-align: center;\">\n<div class=\"wc-shortcodes-row wc-shortcodes-item wc-shortcodes-clearfix\">\n<div class=\"wc-shortcodes-column wc-shortcodes-content wc-shortcodes-one-half wc-shortcodes-column-first \">\n<p><a href=\"http:\/\/pieszkow.pl\/wp-content\/uploads\/2016\/04\/DSC_0330.jpg\"><img loading=\"lazy\" decoding=\"async\" width=\"250\" height=\"166\" class=\"alignnone size-medium wp-image-1558\" src=\"http:\/\/pieszkow.pl\/wp-content\/uploads\/2016\/04\/DSC_0330-250x166.jpg\" alt=\"DSC_0330\" srcset=\"http:\/\/pieszkow.pl\/wp-content\/uploads\/2016\/04\/DSC_0330-250x166.jpg 250w, http:\/\/pieszkow.pl\/wp-content\/uploads\/2016\/04\/DSC_0330-768x510.jpg 768w, http:\/\/pieszkow.pl\/wp-content\/uploads\/2016\/04\/DSC_0330-700x465.jpg 700w, http:\/\/pieszkow.pl\/wp-content\/uploads\/2016\/04\/DSC_0330-120x80.jpg 120w, http:\/\/pieszkow.pl\/wp-content\/uploads\/2016\/04\/DSC_0330.jpg 1024w\" sizes=\"auto, (max-width: 250px) 100vw, 250px\" \/><\/a><\/p>\n<\/div>\n<div class=\"wc-shortcodes-column wc-shortcodes-content wc-shortcodes-one-half wc-shortcodes-column-last \">\n<p><strong>Ambona \u2013 korpus<\/strong><\/p>\n<p>Materia\u0142 \u2013 drewno polichromowane i z\u0142ocone<\/p>\n<p>styl \u2013 barok<\/p>\n<p>czas powstania \u2013 I \u0107w. XVIII w.<\/p>\n<p style=\"text-align: center;\"><\/div>\n<\/div>\n<p style=\"text-align: center;\">\n<div class=\"wc-shortcodes-row wc-shortcodes-item wc-shortcodes-clearfix\">\n<div class=\"wc-shortcodes-column wc-shortcodes-content wc-shortcodes-one-half wc-shortcodes-column-first \">\n<p><a href=\"http:\/\/pieszkow.pl\/wp-content\/uploads\/2016\/04\/DSC_0336.jpg\"><img loading=\"lazy\" decoding=\"async\" width=\"250\" height=\"166\" class=\"alignnone size-medium wp-image-1559\" src=\"http:\/\/pieszkow.pl\/wp-content\/uploads\/2016\/04\/DSC_0336-250x166.jpg\" alt=\"DSC_0336\" srcset=\"http:\/\/pieszkow.pl\/wp-content\/uploads\/2016\/04\/DSC_0336-250x166.jpg 250w, http:\/\/pieszkow.pl\/wp-content\/uploads\/2016\/04\/DSC_0336-768x510.jpg 768w, http:\/\/pieszkow.pl\/wp-content\/uploads\/2016\/04\/DSC_0336-700x465.jpg 700w, http:\/\/pieszkow.pl\/wp-content\/uploads\/2016\/04\/DSC_0336-120x80.jpg 120w, http:\/\/pieszkow.pl\/wp-content\/uploads\/2016\/04\/DSC_0336.jpg 1024w\" sizes=\"auto, (max-width: 250px) 100vw, 250px\" \/><\/a><\/p>\n<\/div>\n<div class=\"wc-shortcodes-column wc-shortcodes-content wc-shortcodes-one-half wc-shortcodes-column-last \">\n<p><strong>Prospekt organowy<\/strong><\/p>\n<p>Materia\u0142 \u2013 drewno polichromowane i z\u0142ocone<\/p>\n<p>Styl \u2013 p\u00f3\u017any barok<\/p>\n<p>Czas powstania \u2013 po\u0142owa XVIII w.<\/p>\n<p style=\"text-align: center;\"><\/div>\n<\/div>\n<p style=\"text-align: center;\">\n<div class=\"wc-shortcodes-row wc-shortcodes-item wc-shortcodes-clearfix\">\n<div class=\"wc-shortcodes-column wc-shortcodes-content wc-shortcodes-one-third wc-shortcodes-column-first \">\n<p><a href=\"http:\/\/pieszkow.pl\/wp-content\/uploads\/2016\/04\/karta_cmentarna_1a.jpg\"><img loading=\"lazy\" decoding=\"async\" width=\"250\" height=\"185\" class=\"alignnone size-medium wp-image-1472\" src=\"http:\/\/pieszkow.pl\/wp-content\/uploads\/2016\/04\/karta_cmentarna_1a-250x185.jpg\" alt=\"karta_cmentarna_1a\" srcset=\"http:\/\/pieszkow.pl\/wp-content\/uploads\/2016\/04\/karta_cmentarna_1a-250x185.jpg 250w, http:\/\/pieszkow.pl\/wp-content\/uploads\/2016\/04\/karta_cmentarna_1a-768x570.jpg 768w, http:\/\/pieszkow.pl\/wp-content\/uploads\/2016\/04\/karta_cmentarna_1a-700x519.jpg 700w, http:\/\/pieszkow.pl\/wp-content\/uploads\/2016\/04\/karta_cmentarna_1a-120x89.jpg 120w\" sizes=\"auto, (max-width: 250px) 100vw, 250px\" \/><\/a><\/p>\n<\/div>\n<div class=\"wc-shortcodes-column wc-shortcodes-content wc-shortcodes-one-third wc-shortcodes-column- \">\n<p><a href=\"http:\/\/pieszkow.pl\/wp-content\/uploads\/2016\/04\/karta_cmentarna_1b.jpg\"><img loading=\"lazy\" decoding=\"async\" width=\"250\" height=\"181\" class=\"alignnone size-medium wp-image-1473\" src=\"http:\/\/pieszkow.pl\/wp-content\/uploads\/2016\/04\/karta_cmentarna_1b-250x181.jpg\" alt=\"karta_cmentarna_1b\" srcset=\"http:\/\/pieszkow.pl\/wp-content\/uploads\/2016\/04\/karta_cmentarna_1b-250x181.jpg 250w, http:\/\/pieszkow.pl\/wp-content\/uploads\/2016\/04\/karta_cmentarna_1b-768x556.jpg 768w, http:\/\/pieszkow.pl\/wp-content\/uploads\/2016\/04\/karta_cmentarna_1b-700x507.jpg 700w, http:\/\/pieszkow.pl\/wp-content\/uploads\/2016\/04\/karta_cmentarna_1b-120x87.jpg 120w\" sizes=\"auto, (max-width: 250px) 100vw, 250px\" \/><\/a><\/p>\n<\/div>\n<div class=\"wc-shortcodes-column wc-shortcodes-content wc-shortcodes-one-third wc-shortcodes-column-last \">\n<p>Cmentarz znajduj\u0105cy si\u0119 przy ko\u015bciele tak\u017ce nale\u017cy do d\u00f3br kultury<\/p>\n<p style=\"text-align: center;\"><\/div>\n<\/div>\n<p style=\"text-align: left;\"><strong>Dobra kultury nie wpisane do rejestru zabytk\u00f3w<\/strong><\/p>\n<p style=\"text-align: left;\">\n<div class=\"wc-shortcodes-row wc-shortcodes-item wc-shortcodes-clearfix\">\n<div class=\"wc-shortcodes-column wc-shortcodes-content wc-shortcodes-one-half wc-shortcodes-column-first \">\n<p><a href=\"http:\/\/pieszkow.pl\/wp-content\/uploads\/2016\/04\/DSC_0379.jpg\"><img loading=\"lazy\" decoding=\"async\" width=\"250\" height=\"376\" class=\"alignnone size-medium wp-image-1465\" src=\"http:\/\/pieszkow.pl\/wp-content\/uploads\/2016\/04\/DSC_0379-250x376.jpg\" alt=\"DSC_0379\" srcset=\"http:\/\/pieszkow.pl\/wp-content\/uploads\/2016\/04\/DSC_0379-250x376.jpg 250w, http:\/\/pieszkow.pl\/wp-content\/uploads\/2016\/04\/DSC_0379-768x1157.jpg 768w, http:\/\/pieszkow.pl\/wp-content\/uploads\/2016\/04\/DSC_0379-700x1054.jpg 700w, http:\/\/pieszkow.pl\/wp-content\/uploads\/2016\/04\/DSC_0379-120x181.jpg 120w, http:\/\/pieszkow.pl\/wp-content\/uploads\/2016\/04\/DSC_0379.jpg 1024w\" sizes=\"auto, (max-width: 250px) 100vw, 250px\" \/><\/a><\/p>\n<\/div>\n<div class=\"wc-shortcodes-column wc-shortcodes-content wc-shortcodes-one-half wc-shortcodes-column-last \">\n<p><strong>Nagrobek w kszta\u0142cie kapliczki wykonany z piaskowca<\/strong><\/p>\n<p style=\"text-align: left;\"><\/div>\n<\/div>\n<p style=\"text-align: left;\"><strong>Fragmenty p\u0142yt nagrobnych znajduj\u0105ce si\u0119 w okalaj\u0105cym ko\u015bci\u00f3\u0142 murze<\/strong><\/p>\n\n\t\t<style type=\"text\/css\">\n\t\t\t#gallery-2 {\n\t\t\t\tmargin: auto;\n\t\t\t}\n\t\t\t#gallery-2 .gallery-item {\n\t\t\t\tfloat: left;\n\t\t\t\tmargin-top: 10px;\n\t\t\t\ttext-align: center;\n\t\t\t\twidth: 33%;\n\t\t\t}\n\t\t\t#gallery-2 img {\n\t\t\t\tborder: 2px solid #cfcfcf;\n\t\t\t}\n\t\t\t#gallery-2 .gallery-caption {\n\t\t\t\tmargin-left: 0;\n\t\t\t}\n\t\t\t\/* see gallery_shortcode() in wp-includes\/media.php *\/\n\t\t<\/style>\n\t\t<div id='gallery-2' class='gallery galleryid-827 gallery-columns-3 gallery-size-thumbnail'><dl class='gallery-item'>\n\t\t\t<dt class='gallery-icon landscape'>\n\t\t\t\t<a href='http:\/\/pieszkow.pl\/wp-content\/uploads\/2016\/04\/DSC_0381.jpg'><img loading=\"lazy\" decoding=\"async\" width=\"150\" height=\"150\" src=\"http:\/\/pieszkow.pl\/wp-content\/uploads\/2016\/04\/DSC_0381-150x150.jpg\" class=\"attachment-thumbnail size-thumbnail\" alt=\"\" \/><\/a>\n\t\t\t<\/dt><\/dl><dl class='gallery-item'>\n\t\t\t<dt class='gallery-icon portrait'>\n\t\t\t\t<a href='http:\/\/pieszkow.pl\/wp-content\/uploads\/2016\/04\/DSC_0382.jpg'><img loading=\"lazy\" decoding=\"async\" width=\"150\" height=\"150\" src=\"http:\/\/pieszkow.pl\/wp-content\/uploads\/2016\/04\/DSC_0382-150x150.jpg\" class=\"attachment-thumbnail size-thumbnail\" alt=\"\" \/><\/a>\n\t\t\t<\/dt><\/dl><dl class='gallery-item'>\n\t\t\t<dt class='gallery-icon portrait'>\n\t\t\t\t<a href='http:\/\/pieszkow.pl\/wp-content\/uploads\/2016\/04\/DSC_0383.jpg'><img loading=\"lazy\" decoding=\"async\" width=\"150\" height=\"150\" src=\"http:\/\/pieszkow.pl\/wp-content\/uploads\/2016\/04\/DSC_0383-150x150.jpg\" class=\"attachment-thumbnail size-thumbnail\" alt=\"\" \/><\/a>\n\t\t\t<\/dt><\/dl><br style=\"clear: both\" \/><dl class='gallery-item'>\n\t\t\t<dt class='gallery-icon landscape'>\n\t\t\t\t<a href='http:\/\/pieszkow.pl\/wp-content\/uploads\/2016\/04\/DSC_0384.jpg'><img loading=\"lazy\" decoding=\"async\" width=\"150\" height=\"150\" src=\"http:\/\/pieszkow.pl\/wp-content\/uploads\/2016\/04\/DSC_0384-150x150.jpg\" class=\"attachment-thumbnail size-thumbnail\" alt=\"\" \/><\/a>\n\t\t\t<\/dt><\/dl><dl class='gallery-item'>\n\t\t\t<dt class='gallery-icon landscape'>\n\t\t\t\t<a href='http:\/\/pieszkow.pl\/wp-content\/uploads\/2016\/04\/DSC_0386.jpg'><img loading=\"lazy\" decoding=\"async\" width=\"150\" height=\"150\" src=\"http:\/\/pieszkow.pl\/wp-content\/uploads\/2016\/04\/DSC_0386-150x150.jpg\" class=\"attachment-thumbnail size-thumbnail\" alt=\"\" \/><\/a>\n\t\t\t<\/dt><\/dl><dl class='gallery-item'>\n\t\t\t<dt class='gallery-icon portrait'>\n\t\t\t\t<a href='http:\/\/pieszkow.pl\/wp-content\/uploads\/2016\/04\/DSC_0388.jpg'><img loading=\"lazy\" decoding=\"async\" width=\"150\" height=\"150\" src=\"http:\/\/pieszkow.pl\/wp-content\/uploads\/2016\/04\/DSC_0388-150x150.jpg\" class=\"attachment-thumbnail size-thumbnail\" alt=\"\" \/><\/a>\n\t\t\t<\/dt><\/dl><br style=\"clear: both\" \/><dl class='gallery-item'>\n\t\t\t<dt class='gallery-icon portrait'>\n\t\t\t\t<a href='http:\/\/pieszkow.pl\/wp-content\/uploads\/2016\/04\/DSC_0390.jpg'><img loading=\"lazy\" decoding=\"async\" width=\"150\" height=\"150\" src=\"http:\/\/pieszkow.pl\/wp-content\/uploads\/2016\/04\/DSC_0390-150x150.jpg\" class=\"attachment-thumbnail size-thumbnail\" alt=\"\" \/><\/a>\n\t\t\t<\/dt><\/dl>\n\t\t\t<br style='clear: both' \/>\n\t\t<\/div>\n\n<p style=\"text-align: left;\">\n","protected":false},"excerpt":{"rendered":"\u00a0\u00a0\u00a0 Pierwsz\u0105 oficjaln\u0105 informacj\u0119 o znajduj\u0105cym si\u0119 w osadzie ko\u015bciele znajdujemy w wykazach dziesi\u0119cin nuncjusza Galharda pochodz\u0105cych z 1335 roku. Podobno fundatorem ko\u015bcio\u0142a w XIV w by\u0142 za\u0142o\u017cyciel Pieszkowa, patron i posiadacza d\u00f3br, kt\u00f3rego nazwisko brzmia\u0142o Petschko. W 1493 r. wymieniono plebana Stefana Wesmera. Podobnie jak w przypadku zdecydowanej wi\u0119kszo\u015bci \u015bl\u0105skich \u015bwi\u0105ty\u0144, zosta\u0142 przej\u0119ty przez&#8230; <a class=\"view-article\" href=\"http:\/\/pieszkow.pl\/?page_id=827\">Czytaj ca\u0142o\u015b\u0107&#8230;<\/a>","protected":false},"author":1,"featured_media":0,"parent":0,"menu_order":0,"comment_status":"closed","ping_status":"closed","template":"","meta":{"footnotes":""},"class_list":["post-827","page","type-page","status-publish","hentry"],"_links":{"self":[{"href":"http:\/\/pieszkow.pl\/index.php?rest_route=\/wp\/v2\/pages\/827","targetHints":{"allow":["GET"]}}],"collection":[{"href":"http:\/\/pieszkow.pl\/index.php?rest_route=\/wp\/v2\/pages"}],"about":[{"href":"http:\/\/pieszkow.pl\/index.php?rest_route=\/wp\/v2\/types\/page"}],"author":[{"embeddable":true,"href":"http:\/\/pieszkow.pl\/index.php?rest_route=\/wp\/v2\/users\/1"}],"replies":[{"embeddable":true,"href":"http:\/\/pieszkow.pl\/index.php?rest_route=%2Fwp%2Fv2%2Fcomments&post=827"}],"version-history":[{"count":97,"href":"http:\/\/pieszkow.pl\/index.php?rest_route=\/wp\/v2\/pages\/827\/revisions"}],"predecessor-version":[{"id":856,"href":"http:\/\/pieszkow.pl\/index.php?rest_route=\/wp\/v2\/pages\/827\/revisions\/856"}],"wp:attachment":[{"href":"http:\/\/pieszkow.pl\/index.php?rest_route=%2Fwp%2Fv2%2Fmedia&parent=827"}],"curies":[{"name":"wp","href":"https:\/\/api.w.org\/{rel}","templated":true}]}}